{"id":109512,"date":"2024-08-29T18:57:58","date_gmt":"2024-08-29T16:57:58","guid":{"rendered":"https:\/\/one-horizon.ch\/product\/enfant-sac-a-dos-mini\/"},"modified":"2026-04-01T23:58:06","modified_gmt":"2026-04-01T21:58:06","slug":"enfant-sac-a-dos-mini","status":"publish","type":"product","link":"https:\/\/one-horizon.ch\/fr\/product\/enfant-sac-a-dos-mini\/","title":{"rendered":"Backpack Mini"},"content":{"rendered":"<p><strong>Sac \u00e0 dos Kind Bag Mini &#8211; Durable, s\u00fbr et \u00e9l\u00e9gant<\/strong><\/p>\n<p>Le sac \u00e0 dos Kind Bag Mini est une merveille de mobilit\u00e9 \u00e9cologique pour les personnes modernes, actives et conscientes de l&#8217;environnement. Petit mais \u00e9l\u00e9gant, ce sac \u00e0 dos produit de mani\u00e8re durable allie une fonctionnalit\u00e9 sophistiqu\u00e9e \u00e0 un design \u00e9cologiquement responsable et devient ainsi le compagnon de route id\u00e9al pour la vie quotidienne, les voyages courts et les besoins professionnels. <\/p>\n<p>&nbsp;<\/p>\n<p><strong>Mat\u00e9riaux \u00e9cologiques<\/strong><br \/>\nFabriqu\u00e9 \u00e0 partir de 12 bouteilles en plastique recycl\u00e9es, ce sac \u00e0 dos apporte une contribution pr\u00e9cieuse \u00e0 la lutte contre la pollution plastique. \u00c0 l&#8217;ext\u00e9rieur comme \u00e0 l&#8217;int\u00e9rieur, il est en plastique 100% recycl\u00e9, avec \u00e9tiquettes et fermeture \u00e9clair, \u00e9tanche et sans rev\u00eatement PFA probl\u00e9matique. Un choix conscient pour un monde meilleur.  <\/p>\n<p>&nbsp;<\/p>\n<p><strong>Organisation optimale et s\u00e9curit\u00e9<\/strong><br \/>\nMalgr\u00e9 sa taille compacte, le mini sac \u00e0 dos offre des options de rangement bien pens\u00e9es : Un compartiment pour tablette rembourr\u00e9 pour un transport en toute s\u00e9curit\u00e9, deux petits compartiments int\u00e9rieurs pour les accessoires et une poche antivol sp\u00e9cialement int\u00e9gr\u00e9e garantissent que vos objets de valeur sont toujours prot\u00e9g\u00e9s et \u00e0 port\u00e9e de main. Une poche frontale facilement accessible de l&#8217;ext\u00e9rieur et une poche antivol accessible par fermeture \u00e9clair sur le c\u00f4t\u00e9 offrent une s\u00e9curit\u00e9 suppl\u00e9mentaire pour vos objets lors de vos d\u00e9placements. <\/p>\n<p>&nbsp;<\/p>\n<p><strong>Confort et fonctionnalit\u00e9<\/strong><br \/>\nLes rembourrages ergonomiques \u00e0 l&#8217;arri\u00e8re et sur les bretelles, fabriqu\u00e9s \u00e0 partir de mat\u00e9riaux 100% recycl\u00e9s, promettent un confort de transport maximal. Les poign\u00e9es innovantes avec aimants cach\u00e9s facilitent \u00e9galement la manipulation et permettent un ajustement flexible du volume gr\u00e2ce \u00e0 la conception unique du roll-top avec des aimants suppl\u00e9mentaires. <\/p>\n<p>&nbsp;<\/p>\n<p><strong>Design pratique<\/strong><br \/>\nDes poches lat\u00e9rales sp\u00e9ciales offrent un espace optimal pour les bouteilles d&#8217;eau ou les parapluies. Les crochets m\u00e9talliques intelligemment positionn\u00e9s, \u00e0 la fois \u00e0 l&#8217;int\u00e9rieur et sur la sangle, permettent d&#8217;attacher facilement et en toute s\u00e9curit\u00e9 des cl\u00e9s, un portefeuille ou des bouteilles d&#8217;eau r\u00e9utilisables. <\/p>\n<p>&nbsp;<\/p>\n<p><strong>Designs vari\u00e9s<\/strong><br \/>\nDisponible dans une gamme de couleurs, le sac \u00e0 dos Kind Bag Mini s&#8217;adapte \u00e0 tous les styles et \u00e0 toutes les occasions. Il offre non seulement une solution durable, mais aussi une solution \u00e0 la mode pour un usage quotidien. <\/p>\n<p>&nbsp;<\/p>\n<p>Le sac \u00e0 dos Kind Bag Mini est votre partenaire id\u00e9al au quotidien. Il incarne la symbiose entre le sens du style et la responsabilit\u00e9 environnementale. Id\u00e9al \u00e9galement comme sac de cabine &#8211; rendez vos voyages intelligents et respectueux de l&#8217;environnement.  <\/p>\n","protected":false},"excerpt":{"rendered":"<p>Sac \u00e0 dos compact fabriqu\u00e9 \u00e0 partir de 12 bouteilles de PET recycl\u00e9es &#8211; mat\u00e9riau 100% recycl\u00e9, \u00e9tanche, sans PFA. Comprend un compartiment pour tablette, une poche antivol, un design \u00e0 enrouleur et des sangles ergonomiques. Durable, s\u00fbr et adapt\u00e9 \u00e0 la vie quotidienne.  <\/p>\n","protected":false},"featured_media":108514,"comment_status":"open","ping_status":"closed","template":"","meta":{"_acf_changed":false},"product_brand":[3013],"product_cat":[867],"product_tag":[],"class_list":{"0":"post-109512","1":"product","2":"type-product","3":"status-publish","4":"has-post-thumbnail","6":"product_brand-kind-bag","7":"product_cat-sacs-a-dos","8":"product_shipping_class-colis-jusqua-2-kg","9":"pa_farbe-black-fr","10":"pa_farbe-bouton-dor","11":"pa_farbe-lilas","12":"pa_farbe-peach-fr","13":"pa_farbe-sage-fr","15":"first","16":"onbackorder","17":"taxable","18":"shipping-taxable","19":"purchasable","20":"product-type-variable"},"acf":[],"_links":{"self":[{"href":"https:\/\/one-horizon.ch\/fr\/wp-json\/wp\/v2\/product\/109512","targetHints":{"allow":["GET"]}}],"collection":[{"href":"https:\/\/one-horizon.ch\/fr\/wp-json\/wp\/v2\/product"}],"about":[{"href":"https:\/\/one-horizon.ch\/fr\/wp-json\/wp\/v2\/types\/product"}],"replies":[{"embeddable":true,"href":"https:\/\/one-horizon.ch\/fr\/wp-json\/wp\/v2\/comments?post=109512"}],"wp:featuredmedia":[{"embeddable":true,"href":"https:\/\/one-horizon.ch\/fr\/wp-json\/wp\/v2\/media\/108514"}],"wp:attachment":[{"href":"https:\/\/one-horizon.ch\/fr\/wp-json\/wp\/v2\/media?parent=109512"}],"wp:term":[{"taxonomy":"product_brand","embeddable":true,"href":"https:\/\/one-horizon.ch\/fr\/wp-json\/wp\/v2\/product_brand?post=109512"},{"taxonomy":"product_cat","embeddable":true,"href":"https:\/\/one-horizon.ch\/fr\/wp-json\/wp\/v2\/product_cat?post=109512"},{"taxonomy":"product_tag","embeddable":true,"href":"https:\/\/one-horizon.ch\/fr\/wp-json\/wp\/v2\/product_tag?post=109512"}],"curies":[{"name":"wp","href":"https:\/\/api.w.org\/{rel}","templated":true}]}}