{"id":94548,"date":"2024-02-08T22:48:10","date_gmt":"2024-02-08T21:48:10","guid":{"rendered":"https:\/\/one-horizon.ch\/product\/mug-no-bad-days\/"},"modified":"2026-04-28T16:08:37","modified_gmt":"2026-04-28T14:08:37","slug":"eulenschnitt-tasse-no-bad-days","status":"publish","type":"product","link":"https:\/\/one-horizon.ch\/fr\/product\/eulenschnitt-tasse-no-bad-days\/","title":{"rendered":"Mug &#8211; No Bad Days"},"content":{"rendered":"<p>Le mug Eulenschnitt &#8211; No Bad Days &#8211; un parfait compagnon de tous les jours, fabriqu\u00e9 avec amour \u00e0 la main dans une petite poterie au Portugal. Eulenschnitt a mis tout son c\u0153ur dans cette nouvelle collection, et le r\u00e9sultat est une combinaison fascinante de forme unique, d&#8217;argile, d&#8217;\u00e9mail et de design. <\/p>\n<p>Chaque tasse est fa\u00e7onn\u00e9e, cuite, estampill\u00e9e, ponc\u00e9e, \u00e9maill\u00e9e et cuite \u00e0 nouveau individuellement, ce qui fait de chaque article une pi\u00e8ce unique. Les diff\u00e9rences de profondeur d&#8217;impression, de hauteur et de rectitude soulignent le caract\u00e8re artisanal de la fabrication et conf\u00e8rent \u00e0 chaque tasse un charme particulier. <\/p>\n<p>Le design minimaliste et les nuances de couleurs naturelles sont compl\u00e9t\u00e9s par un magnifique estampage \u00e0 froid &#8220;No Bad Days&#8221;, qui donne une sensation de calme et de s\u00e9r\u00e9nit\u00e9 \u00e0 chaque gorg\u00e9e. Cette tasse est id\u00e9ale pour les amateurs de caf\u00e9, les buveurs de th\u00e9 et tous ceux qui appr\u00e9cient la beaut\u00e9 de la c\u00e9ramique artisanale. <\/p>\n<p>D\u00e9couvrez l&#8217;individualit\u00e9 et la grande qualit\u00e9 des tasses Eulenschnitt et rendez chacune de vos journ\u00e9es un peu meilleure.<\/p>\n","protected":false},"excerpt":{"rendered":"<p>Le mug artisanal &#8220;No Bad Days&#8221; de Eulenschnitt provient d&#8217;une petite poterie portugaise. Gr\u00e2ce \u00e0 sa forme, son argile et son \u00e9mail uniques, chaque mug est une pi\u00e8ce unique &#8211; un design minimaliste avec un estampage \u00e0 froid pour un compagnon intemporel au quotidien. <\/p>\n","protected":false},"featured_media":69355,"comment_status":"open","ping_status":"closed","template":"","meta":{"_acf_changed":false},"product_brand":[3004],"product_cat":[1280],"product_tag":[],"class_list":{"0":"post-94548","1":"product","2":"type-product","3":"status-publish","4":"has-post-thumbnail","6":"product_brand-eulenschnitt","7":"product_cat-vaisselle","8":"product_shipping_class-colis-jusqua-2-kg","10":"first","11":"instock","12":"taxable","13":"shipping-taxable","14":"purchasable","15":"product-type-simple"},"acf":[],"_links":{"self":[{"href":"https:\/\/one-horizon.ch\/fr\/wp-json\/wp\/v2\/product\/94548","targetHints":{"allow":["GET"]}}],"collection":[{"href":"https:\/\/one-horizon.ch\/fr\/wp-json\/wp\/v2\/product"}],"about":[{"href":"https:\/\/one-horizon.ch\/fr\/wp-json\/wp\/v2\/types\/product"}],"replies":[{"embeddable":true,"href":"https:\/\/one-horizon.ch\/fr\/wp-json\/wp\/v2\/comments?post=94548"}],"wp:featuredmedia":[{"embeddable":true,"href":"https:\/\/one-horizon.ch\/fr\/wp-json\/wp\/v2\/media\/69355"}],"wp:attachment":[{"href":"https:\/\/one-horizon.ch\/fr\/wp-json\/wp\/v2\/media?parent=94548"}],"wp:term":[{"taxonomy":"product_brand","embeddable":true,"href":"https:\/\/one-horizon.ch\/fr\/wp-json\/wp\/v2\/product_brand?post=94548"},{"taxonomy":"product_cat","embeddable":true,"href":"https:\/\/one-horizon.ch\/fr\/wp-json\/wp\/v2\/product_cat?post=94548"},{"taxonomy":"product_tag","embeddable":true,"href":"https:\/\/one-horizon.ch\/fr\/wp-json\/wp\/v2\/product_tag?post=94548"}],"curies":[{"name":"wp","href":"https:\/\/api.w.org\/{rel}","templated":true}]}}